{"id":8301,"date":"2025-01-17T12:12:29","date_gmt":"2025-01-17T11:12:29","guid":{"rendered":"https:\/\/marketplacesummit.hu\/?post_type=evacon_speaker&#038;p=8301"},"modified":"2025-10-30T12:57:14","modified_gmt":"2025-10-30T11:57:14","slug":"rado-matyas","status":"publish","type":"evacon_speaker","link":"https:\/\/marketplacesummit.hu\/en\/speaker\/rado-matyas\/","title":{"rendered":"Rad\u00f3 M\u00e1ty\u00e1s"},"content":{"rendered":"\n<p>M\u00e1ty\u00e1s diplom\u00e1j\u00e1t a Budapesti Corvinus Egyetemen szerezte, az elm\u00falt 18 \u00e9vben sz\u00e1mos v\u00e1llalattal dolgozott egy\u00fctt digit\u00e1lis \u00e1talakul\u00e1si projekteken. Els\u0151dleges szakter\u00fclete az egys\u00e9ges\u00edtett kereskedelem fel\u00e9 vezet\u0151 fejleszt\u00e9si programok kidolgoz\u00e1sa \u00e9s az \u00e9rt\u00e9kes\u00edt\u00e9si csatorn\u00e1k seg\u00edtett konverzi\u00f3j\u00e1nak jav\u00edt\u00e1sa. El\u0151szeretettel facilit\u00e1l koncepcion\u00e1lis tervez\u00e9si workshopokat, amelyek alkalm\u00e1val t\u00f6rekszik a csapatokb\u00f3l min\u00e9l t\u00f6bb innovat\u00edv \u00f6tletet el\u0151csalogatni, azokat pedig az operat\u00edv megval\u00f3s\u00edt\u00e1s \u00fatj\u00e1ra l\u00e9ptetni. Munk\u00e1ja sor\u00e1n \u00fcgyfelein\u00e9l igyekszik meghonos\u00edtani az inkrement\u00e1lis beruh\u00e1z\u00e1si szeml\u00e9letet \u00e9s v\u00e1ltoz\u00f3 k\u00f6vetelm\u00e9nyekhez igazod\u00f3 agilis gondolkod\u00e1sm\u00f3dot.<\/p>\n","protected":false},"featured_media":8302,"template":"","evacon_speaker_category":[],"class_list":["post-8301","evacon_speaker","type-evacon_speaker","status-publish","has-post-thumbnail","hentry","have-post-thumb"],"yoast_head":"<!-- This site is optimized with the Yoast SEO plugin v23.7 - https:\/\/yoast.com\/wordpress\/plugins\/seo\/ -->\n<title>Rad\u00f3 M\u00e1ty\u00e1s - Marketplace &amp; Cross- Border Summit Budapest<\/title>\n<meta name=\"robots\" content=\"index, follow, max-snippet:-1, max-image-preview:large, max-video-preview:-1\" \/>\n<link rel=\"canonical\" href=\"https:\/\/marketplacesummit.hu\/en\/speaker\/rado-matyas\/\" \/>\n<meta property=\"og:locale\" content=\"en_GB\" \/>\n<meta property=\"og:type\" content=\"article\" \/>\n<meta property=\"og:title\" content=\"Rad\u00f3 M\u00e1ty\u00e1s - Marketplace &amp; Cross- Border Summit Budapest\" \/>\n<meta property=\"og:description\" content=\"M\u00e1ty\u00e1s diplom\u00e1j\u00e1t a Budapesti Corvinus Egyetemen szerezte, az elm\u00falt 18 \u00e9vben sz\u00e1mos v\u00e1llalattal dolgozott egy\u00fctt digit\u00e1lis \u00e1talakul\u00e1si projekteken. Els\u0151dleges szakter\u00fclete az egys\u00e9ges\u00edtett kereskedelem fel\u00e9 vezet\u0151 fejleszt\u00e9si programok kidolgoz\u00e1sa \u00e9s az \u00e9rt\u00e9kes\u00edt\u00e9si csatorn\u00e1k seg\u00edtett konverzi\u00f3j\u00e1nak jav\u00edt\u00e1sa. El\u0151szeretettel facilit\u00e1l koncepcion\u00e1lis tervez\u00e9si workshopokat, amelyek alkalm\u00e1val t\u00f6rekszik a csapatokb\u00f3l min\u00e9l t\u00f6bb innovat\u00edv \u00f6tletet el\u0151csalogatni, azokat pedig az operat\u00edv megval\u00f3s\u00edt\u00e1s...\" \/>\n<meta property=\"og:url\" content=\"https:\/\/marketplacesummit.hu\/en\/speaker\/rado-matyas\/\" \/>\n<meta property=\"og:site_name\" content=\"Marketplace &amp; Cross- Border Summit Budapest\" \/>\n<meta property=\"article:modified_time\" content=\"2025-10-30T11:57:14+00:00\" \/>\n<meta property=\"og:image\" content=\"https:\/\/marketplacesummit.hu\/wp-content\/uploads\/Rado-Matyas.png\" \/>\n\t<meta property=\"og:image:width\" content=\"600\" \/>\n\t<meta property=\"og:image:height\" content=\"600\" \/>\n\t<meta property=\"og:image:type\" content=\"image\/png\" \/>\n<meta name=\"twitter:card\" content=\"summary_large_image\" \/>\n<meta name=\"twitter:label1\" content=\"Estimated reading time\" \/>\n\t<meta name=\"twitter:data1\" content=\"1 minute\" \/>\n<script type=\"application\/ld+json\" class=\"yoast-schema-graph\">{\"@context\":\"https:\/\/schema.org\",\"@graph\":[{\"@type\":\"WebPage\",\"@id\":\"https:\/\/marketplacesummit.hu\/speaker\/rado-matyas\/\",\"url\":\"https:\/\/marketplacesummit.hu\/speaker\/rado-matyas\/\",\"name\":\"Rad\u00f3 M\u00e1ty\u00e1s - Marketplace &amp; Cross- Border Summit Budapest\",\"isPartOf\":{\"@id\":\"https:\/\/marketplacesummit.hu\/#website\"},\"primaryImageOfPage\":{\"@id\":\"https:\/\/marketplacesummit.hu\/speaker\/rado-matyas\/#primaryimage\"},\"image\":{\"@id\":\"https:\/\/marketplacesummit.hu\/speaker\/rado-matyas\/#primaryimage\"},\"thumbnailUrl\":\"https:\/\/marketplacesummit.hu\/wp-content\/uploads\/Rado-Matyas.png\",\"datePublished\":\"2025-01-17T11:12:29+00:00\",\"dateModified\":\"2025-10-30T11:57:14+00:00\",\"breadcrumb\":{\"@id\":\"https:\/\/marketplacesummit.hu\/speaker\/rado-matyas\/#breadcrumb\"},\"inLanguage\":\"en-GB\",\"potentialAction\":[{\"@type\":\"ReadAction\",\"target\":[\"https:\/\/marketplacesummit.hu\/speaker\/rado-matyas\/\"]}]},{\"@type\":\"ImageObject\",\"inLanguage\":\"en-GB\",\"@id\":\"https:\/\/marketplacesummit.hu\/speaker\/rado-matyas\/#primaryimage\",\"url\":\"https:\/\/marketplacesummit.hu\/wp-content\/uploads\/Rado-Matyas.png\",\"contentUrl\":\"https:\/\/marketplacesummit.hu\/wp-content\/uploads\/Rado-Matyas.png\",\"width\":600,\"height\":600},{\"@type\":\"BreadcrumbList\",\"@id\":\"https:\/\/marketplacesummit.hu\/speaker\/rado-matyas\/#breadcrumb\",\"itemListElement\":[{\"@type\":\"ListItem\",\"position\":1,\"name\":\"Kezd\u0151lap\",\"item\":\"https:\/\/marketplacesummit.hu\/\"},{\"@type\":\"ListItem\",\"position\":2,\"name\":\"Speakers\",\"item\":\"https:\/\/marketplacesummit.hu\/speaker\/\"},{\"@type\":\"ListItem\",\"position\":3,\"name\":\"Rad\u00f3 M\u00e1ty\u00e1s\"}]},{\"@type\":\"WebSite\",\"@id\":\"https:\/\/marketplacesummit.hu\/#website\",\"url\":\"https:\/\/marketplacesummit.hu\/\",\"name\":\"Marketplace &amp; Cross- Border Summit Budapest\",\"description\":\"Magyarorsz\u00e1g legels\u0151 marketplace f\u00f3kusz\u00fa konferenci\u00e1ja\",\"potentialAction\":[{\"@type\":\"SearchAction\",\"target\":{\"@type\":\"EntryPoint\",\"urlTemplate\":\"https:\/\/marketplacesummit.hu\/?s={search_term_string}\"},\"query-input\":{\"@type\":\"PropertyValueSpecification\",\"valueRequired\":true,\"valueName\":\"search_term_string\"}}],\"inLanguage\":\"en-GB\"}]}<\/script>\n<!-- \/ Yoast SEO plugin. -->","yoast_head_json":{"title":"Rad\u00f3 M\u00e1ty\u00e1s - Marketplace &amp; Cross- Border Summit Budapest","robots":{"index":"index","follow":"follow","max-snippet":"max-snippet:-1","max-image-preview":"max-image-preview:large","max-video-preview":"max-video-preview:-1"},"canonical":"https:\/\/marketplacesummit.hu\/en\/speaker\/rado-matyas\/","og_locale":"en_GB","og_type":"article","og_title":"Rad\u00f3 M\u00e1ty\u00e1s - Marketplace &amp; Cross- Border Summit Budapest","og_description":"M\u00e1ty\u00e1s diplom\u00e1j\u00e1t a Budapesti Corvinus Egyetemen szerezte, az elm\u00falt 18 \u00e9vben sz\u00e1mos v\u00e1llalattal dolgozott egy\u00fctt digit\u00e1lis \u00e1talakul\u00e1si projekteken. Els\u0151dleges szakter\u00fclete az egys\u00e9ges\u00edtett kereskedelem fel\u00e9 vezet\u0151 fejleszt\u00e9si programok kidolgoz\u00e1sa \u00e9s az \u00e9rt\u00e9kes\u00edt\u00e9si csatorn\u00e1k seg\u00edtett konverzi\u00f3j\u00e1nak jav\u00edt\u00e1sa. El\u0151szeretettel facilit\u00e1l koncepcion\u00e1lis tervez\u00e9si workshopokat, amelyek alkalm\u00e1val t\u00f6rekszik a csapatokb\u00f3l min\u00e9l t\u00f6bb innovat\u00edv \u00f6tletet el\u0151csalogatni, azokat pedig az operat\u00edv megval\u00f3s\u00edt\u00e1s...","og_url":"https:\/\/marketplacesummit.hu\/en\/speaker\/rado-matyas\/","og_site_name":"Marketplace &amp; Cross- Border Summit Budapest","article_modified_time":"2025-10-30T11:57:14+00:00","og_image":[{"width":600,"height":600,"url":"https:\/\/marketplacesummit.hu\/wp-content\/uploads\/Rado-Matyas.png","type":"image\/png"}],"twitter_card":"summary_large_image","twitter_misc":{"Estimated reading time":"1 minute"},"schema":{"@context":"https:\/\/schema.org","@graph":[{"@type":"WebPage","@id":"https:\/\/marketplacesummit.hu\/speaker\/rado-matyas\/","url":"https:\/\/marketplacesummit.hu\/speaker\/rado-matyas\/","name":"Rad\u00f3 M\u00e1ty\u00e1s - Marketplace &amp; Cross- Border Summit Budapest","isPartOf":{"@id":"https:\/\/marketplacesummit.hu\/#website"},"primaryImageOfPage":{"@id":"https:\/\/marketplacesummit.hu\/speaker\/rado-matyas\/#primaryimage"},"image":{"@id":"https:\/\/marketplacesummit.hu\/speaker\/rado-matyas\/#primaryimage"},"thumbnailUrl":"https:\/\/marketplacesummit.hu\/wp-content\/uploads\/Rado-Matyas.png","datePublished":"2025-01-17T11:12:29+00:00","dateModified":"2025-10-30T11:57:14+00:00","breadcrumb":{"@id":"https:\/\/marketplacesummit.hu\/speaker\/rado-matyas\/#breadcrumb"},"inLanguage":"en-GB","potentialAction":[{"@type":"ReadAction","target":["https:\/\/marketplacesummit.hu\/speaker\/rado-matyas\/"]}]},{"@type":"ImageObject","inLanguage":"en-GB","@id":"https:\/\/marketplacesummit.hu\/speaker\/rado-matyas\/#primaryimage","url":"https:\/\/marketplacesummit.hu\/wp-content\/uploads\/Rado-Matyas.png","contentUrl":"https:\/\/marketplacesummit.hu\/wp-content\/uploads\/Rado-Matyas.png","width":600,"height":600},{"@type":"BreadcrumbList","@id":"https:\/\/marketplacesummit.hu\/speaker\/rado-matyas\/#breadcrumb","itemListElement":[{"@type":"ListItem","position":1,"name":"Kezd\u0151lap","item":"https:\/\/marketplacesummit.hu\/"},{"@type":"ListItem","position":2,"name":"Speakers","item":"https:\/\/marketplacesummit.hu\/speaker\/"},{"@type":"ListItem","position":3,"name":"Rad\u00f3 M\u00e1ty\u00e1s"}]},{"@type":"WebSite","@id":"https:\/\/marketplacesummit.hu\/#website","url":"https:\/\/marketplacesummit.hu\/","name":"Marketplace &amp; Cross- Border Summit Budapest","description":"Magyarorsz\u00e1g legels\u0151 marketplace f\u00f3kusz\u00fa konferenci\u00e1ja","potentialAction":[{"@type":"SearchAction","target":{"@type":"EntryPoint","urlTemplate":"https:\/\/marketplacesummit.hu\/?s={search_term_string}"},"query-input":{"@type":"PropertyValueSpecification","valueRequired":true,"valueName":"search_term_string"}}],"inLanguage":"en-GB"}]}},"_links":{"self":[{"href":"https:\/\/marketplacesummit.hu\/en\/wp-json\/wp\/v2\/evacon_speaker\/8301","targetHints":{"allow":["GET"]}}],"collection":[{"href":"https:\/\/marketplacesummit.hu\/en\/wp-json\/wp\/v2\/evacon_speaker"}],"about":[{"href":"https:\/\/marketplacesummit.hu\/en\/wp-json\/wp\/v2\/types\/evacon_speaker"}],"wp:featuredmedia":[{"embeddable":true,"href":"https:\/\/marketplacesummit.hu\/en\/wp-json\/wp\/v2\/media\/8302"}],"wp:attachment":[{"href":"https:\/\/marketplacesummit.hu\/en\/wp-json\/wp\/v2\/media?parent=8301"}],"wp:term":[{"taxonomy":"evacon_speaker_category","embeddable":true,"href":"https:\/\/marketplacesummit.hu\/en\/wp-json\/wp\/v2\/evacon_speaker_category?post=8301"}],"curies":[{"name":"wp","href":"https:\/\/api.w.org\/{rel}","templated":true}]}}